{"id":368,"date":"2021-02-04T11:04:47","date_gmt":"2021-02-04T10:04:47","guid":{"rendered":"https:\/\/specijali.rtl.hr\/auto-po-mjeri\/?post_type=video&#038;p=368"},"modified":"2021-09-07T11:05:07","modified_gmt":"2021-09-07T09:05:07","slug":"zivot-na-kotacima-ana-radisic","status":"publish","type":"video","link":"https:\/\/specijali.rtl.hr\/auto-po-mjeri\/video\/zivot-na-kotacima-ana-radisic\/","title":{"rendered":"\u017divot na kota\u010dima: Ana Radi\u0161i\u0107"},"content":{"rendered":"\n<p>U \u0161estoj epizodi ugostili smo popularnu televizijsku voditeljicu koja nam je otkrila brojne anegdote o svojim putovanjima i voza\u010dkim navikama te pokazala Ribafishu kako izgleda jedan radni dan na televiziji.<\/p>\n","protected":false},"featured_media":370,"template":"","class_list":["post-368","video","type-video","status-publish","has-post-thumbnail","hentry"],"yoast_head":"<!-- This site is optimized with the Yoast SEO plugin v15.9 - https:\/\/yoast.com\/wordpress\/plugins\/seo\/ -->\n<title>\u017divot na kota\u010dima: Ana Radi\u0161i\u0107 - Auto po mjeri<\/title>\n<meta name=\"robots\" content=\"index, follow, max-snippet:-1, max-image-preview:large, max-video-preview:-1\" \/>\n<link rel=\"canonical\" href=\"https:\/\/specijali.rtl.hr\/auto-po-mjeri\/video\/zivot-na-kotacima-ana-radisic\/\" \/>\n<meta property=\"og:locale\" content=\"hr_HR\" \/>\n<meta property=\"og:type\" content=\"article\" \/>\n<meta property=\"og:title\" content=\"\u017divot na kota\u010dima: Ana Radi\u0161i\u0107 - Auto po mjeri\" \/>\n<meta property=\"og:description\" content=\"U \u0161estoj epizodi ugostili smo popularnu televizijsku voditeljicu koja nam je otkrila brojne anegdote o svojim putovanjima i voza\u010dkim navikama...\" \/>\n<meta property=\"og:url\" content=\"https:\/\/specijali.rtl.hr\/auto-po-mjeri\/video\/zivot-na-kotacima-ana-radisic\/\" \/>\n<meta property=\"og:site_name\" content=\"Auto po mjeri\" \/>\n<meta property=\"article:modified_time\" content=\"2021-09-07T09:05:07+00:00\" \/>\n<meta property=\"og:image\" content=\"https:\/\/i1.wp.com\/specijali.rtl.hr\/auto-po-mjeri\/wp-content\/uploads\/2021\/09\/radisic-thumb.jpg?fit=1920%2C1080&#038;ssl=1\" \/>\n\t<meta property=\"og:image:width\" content=\"1920\" \/>\n\t<meta property=\"og:image:height\" content=\"1080\" \/>\n<meta name=\"twitter:card\" content=\"summary_large_image\" \/>\n<meta name=\"twitter:label1\" content=\"Procijenjeno vrijeme \u010ditanja\">\n\t<meta name=\"twitter:data1\" content=\"1 minuta\">\n<script type=\"application\/ld+json\" class=\"yoast-schema-graph\">{\"@context\":\"https:\/\/schema.org\",\"@graph\":[{\"@type\":\"WebSite\",\"@id\":\"https:\/\/specijali.rtl.hr\/auto-po-mjeri\/#website\",\"url\":\"https:\/\/specijali.rtl.hr\/auto-po-mjeri\/\",\"name\":\"Auto po mjeri\",\"description\":\"By Neostar\",\"potentialAction\":[{\"@type\":\"SearchAction\",\"target\":\"https:\/\/specijali.rtl.hr\/auto-po-mjeri\/?s={search_term_string}\",\"query-input\":\"required name=search_term_string\"}],\"inLanguage\":\"hr\"},{\"@type\":\"ImageObject\",\"@id\":\"https:\/\/specijali.rtl.hr\/auto-po-mjeri\/video\/zivot-na-kotacima-ana-radisic\/#primaryimage\",\"inLanguage\":\"hr\",\"url\":\"https:\/\/i1.wp.com\/specijali.rtl.hr\/auto-po-mjeri\/wp-content\/uploads\/2021\/09\/radisic-thumb.jpg?fit=1920%2C1080&ssl=1\",\"width\":1920,\"height\":1080},{\"@type\":\"WebPage\",\"@id\":\"https:\/\/specijali.rtl.hr\/auto-po-mjeri\/video\/zivot-na-kotacima-ana-radisic\/#webpage\",\"url\":\"https:\/\/specijali.rtl.hr\/auto-po-mjeri\/video\/zivot-na-kotacima-ana-radisic\/\",\"name\":\"\\u017divot na kota\\u010dima: Ana Radi\\u0161i\\u0107 - Auto po mjeri\",\"isPartOf\":{\"@id\":\"https:\/\/specijali.rtl.hr\/auto-po-mjeri\/#website\"},\"primaryImageOfPage\":{\"@id\":\"https:\/\/specijali.rtl.hr\/auto-po-mjeri\/video\/zivot-na-kotacima-ana-radisic\/#primaryimage\"},\"datePublished\":\"2021-02-04T10:04:47+00:00\",\"dateModified\":\"2021-09-07T09:05:07+00:00\",\"breadcrumb\":{\"@id\":\"https:\/\/specijali.rtl.hr\/auto-po-mjeri\/video\/zivot-na-kotacima-ana-radisic\/#breadcrumb\"},\"inLanguage\":\"hr\",\"potentialAction\":[{\"@type\":\"ReadAction\",\"target\":[\"https:\/\/specijali.rtl.hr\/auto-po-mjeri\/video\/zivot-na-kotacima-ana-radisic\/\"]}]},{\"@type\":\"BreadcrumbList\",\"@id\":\"https:\/\/specijali.rtl.hr\/auto-po-mjeri\/video\/zivot-na-kotacima-ana-radisic\/#breadcrumb\",\"itemListElement\":[{\"@type\":\"ListItem\",\"position\":1,\"item\":{\"@type\":\"WebPage\",\"@id\":\"https:\/\/specijali.rtl.hr\/auto-po-mjeri\/\",\"url\":\"https:\/\/specijali.rtl.hr\/auto-po-mjeri\/\",\"name\":\"Po\\u010detna stranica\"}},{\"@type\":\"ListItem\",\"position\":2,\"item\":{\"@type\":\"WebPage\",\"@id\":\"https:\/\/specijali.rtl.hr\/auto-po-mjeri\/video\/zivot-na-kotacima-ana-radisic\/\",\"url\":\"https:\/\/specijali.rtl.hr\/auto-po-mjeri\/video\/zivot-na-kotacima-ana-radisic\/\",\"name\":\"\\u017divot na kota\\u010dima: Ana Radi\\u0161i\\u0107\"}}]}]}<\/script>\n<!-- \/ Yoast SEO plugin. -->","jetpack_sharing_enabled":true,"_links":{"self":[{"href":"https:\/\/specijali.rtl.hr\/auto-po-mjeri\/wp-json\/wp\/v2\/video\/368","targetHints":{"allow":["GET"]}}],"collection":[{"href":"https:\/\/specijali.rtl.hr\/auto-po-mjeri\/wp-json\/wp\/v2\/video"}],"about":[{"href":"https:\/\/specijali.rtl.hr\/auto-po-mjeri\/wp-json\/wp\/v2\/types\/video"}],"wp:featuredmedia":[{"embeddable":true,"href":"https:\/\/specijali.rtl.hr\/auto-po-mjeri\/wp-json\/wp\/v2\/media\/370"}],"wp:attachment":[{"href":"https:\/\/specijali.rtl.hr\/auto-po-mjeri\/wp-json\/wp\/v2\/media?parent=368"}],"curies":[{"name":"wp","href":"https:\/\/api.w.org\/{rel}","templated":true}]}}